{"id":5450,"date":"2022-02-18T09:37:19","date_gmt":"2022-02-18T09:37:19","guid":{"rendered":"https:\/\/direitoshumanos.pt\/about\/filiations-nationals-and-internationals\/"},"modified":"2022-02-18T09:37:35","modified_gmt":"2022-02-18T09:37:35","slug":"filiations-nationals-and-internationals","status":"publish","type":"page","link":"https:\/\/direitoshumanos.pt\/en\/about\/filiations-nationals-and-internationals\/","title":{"rendered":"Filiations (Nationals and Internationals)"},"content":{"rendered":"\t\t<div data-elementor-type=\"wp-page\" data-elementor-id=\"5450\" class=\"elementor elementor-5450 elementor-2115\" data-elementor-settings=\"[]\">\n\t\t\t\t\t\t\t<div class=\"elementor-section-wrap\">\n\t\t\t\t\t\t\t<section class=\"elementor-section elementor-top-section elementor-element elementor-element-c516a21 elementor-section-stretched elementor-section-boxed elementor-section-height-default elementor-section-height-default\" data-id=\"c516a21\" data-element_type=\"section\" data-settings=\"{&quot;stretch_section&quot;:&quot;section-stretched&quot;}\">\n\t\t\t\t\t\t<div class=\"elementor-container elementor-column-gap-default\">\n\t\t\t\t\t<div class=\"elementor-column elementor-col-100 elementor-top-column elementor-element elementor-element-acc1790\" data-id=\"acc1790\" data-element_type=\"column\">\n\t\t\t<div class=\"elementor-widget-wrap elementor-element-populated\">\n\t\t\t\t\t\t\t\t<section class=\"elementor-section elementor-inner-section elementor-element elementor-element-8879845 elementor-section-boxed elementor-section-height-default elementor-section-height-default\" data-id=\"8879845\" data-element_type=\"section\">\n\t\t\t\t\t\t<div class=\"elementor-container elementor-column-gap-default\">\n\t\t\t\t\t<div class=\"elementor-column elementor-col-100 elementor-inner-column elementor-element elementor-element-c5f8b31\" data-id=\"c5f8b31\" data-element_type=\"column\">\n\t\t\t<div class=\"elementor-widget-wrap elementor-element-populated\">\n\t\t\t\t\t\t\t\t<div class=\"elementor-element elementor-element-275cc06 elementor-widget elementor-widget-heading\" data-id=\"275cc06\" data-element_type=\"widget\" data-widget_type=\"heading.default\">\n\t\t\t\t<div class=\"elementor-widget-container\">\n\t\t\t<h2 class=\"elementor-heading-title elementor-size-default\">Nationals<\/h2>\t\t<\/div>\n\t\t\t\t<\/div>\n\t\t\t\t\t<\/div>\n\t\t<\/div>\n\t\t\t\t\t\t\t<\/div>\n\t\t<\/section>\n\t\t\t\t<section class=\"elementor-section elementor-inner-section elementor-element elementor-element-d5f8a3f elementor-section-content-top elementor-section-boxed elementor-section-height-default elementor-section-height-default\" data-id=\"d5f8a3f\" data-element_type=\"section\">\n\t\t\t\t\t\t<div class=\"elementor-container elementor-column-gap-wider\">\n\t\t\t\t\t<div class=\"elementor-column elementor-col-33 elementor-inner-column elementor-element elementor-element-e129a0c\" data-id=\"e129a0c\" data-element_type=\"column\">\n\t\t\t<div class=\"elementor-widget-wrap elementor-element-populated\">\n\t\t\t\t\t\t\t\t<div class=\"elementor-element elementor-element-0b3ff0f elementor-widget elementor-widget-image\" data-id=\"0b3ff0f\" data-element_type=\"widget\" data-widget_type=\"image.default\">\n\t\t\t\t<div class=\"elementor-widget-container\">\n\t\t\t\t\t\t\t\t\t\t\t\t<figure class=\"wp-caption\">\n\t\t\t\t\t\t\t\t\t\t\t<a href=\"https:\/\/www.cig.gov.pt\/\" target=\"_blank\" rel=\"nofollow\">\n\t\t\t\t\t\t\t<img loading=\"lazy\" decoding=\"async\" width=\"214\" height=\"50\" src=\"https:\/\/direitoshumanos.pt\/wp-content\/uploads\/cig-logo.png\" class=\"attachment-full size-full\" alt=\"CiG\" \/>\t\t\t\t\t\t\t\t<\/a>\n\t\t\t\t\t\t\t\t\t\t\t<figcaption class=\"widget-image-caption wp-caption-text\">Advisory Council of the Commission for Citizenship and Gender Equality<\/figcaption>\n\t\t\t\t\t\t\t\t\t\t<\/figure>\n\t\t\t\t\t\t\t\t\t<\/div>\n\t\t\t\t<\/div>\n\t\t\t\t\t<\/div>\n\t\t<\/div>\n\t\t\t\t<div class=\"elementor-column elementor-col-33 elementor-inner-column elementor-element elementor-element-cc4a87f\" data-id=\"cc4a87f\" data-element_type=\"column\">\n\t\t\t<div class=\"elementor-widget-wrap elementor-element-populated\">\n\t\t\t\t\t\t\t\t<div class=\"elementor-element elementor-element-56764e2 elementor-widget elementor-widget-image\" data-id=\"56764e2\" data-element_type=\"widget\" data-widget_type=\"image.default\">\n\t\t\t\t<div class=\"elementor-widget-container\">\n\t\t\t\t\t\t\t\t\t\t\t\t<figure class=\"wp-caption\">\n\t\t\t\t\t\t\t\t\t\t\t<a href=\"https:\/\/unescoportugal.mne.gov.pt\/pt\/\" target=\"_blank\" rel=\"nofollow\">\n\t\t\t\t\t\t\t<img loading=\"lazy\" decoding=\"async\" width=\"67\" height=\"50\" src=\"https:\/\/direitoshumanos.pt\/wp-content\/uploads\/unesco-logo.png\" class=\"attachment-full size-full\" alt=\"UNESCO\" \/>\t\t\t\t\t\t\t\t<\/a>\n\t\t\t\t\t\t\t\t\t\t\t<figcaption class=\"widget-image-caption wp-caption-text\">Advisory Council of National Commission of UNESCO<\/figcaption>\n\t\t\t\t\t\t\t\t\t\t<\/figure>\n\t\t\t\t\t\t\t\t\t<\/div>\n\t\t\t\t<\/div>\n\t\t\t\t\t<\/div>\n\t\t<\/div>\n\t\t\t\t<div class=\"elementor-column elementor-col-33 elementor-inner-column elementor-element elementor-element-80c051d\" data-id=\"80c051d\" data-element_type=\"column\">\n\t\t\t<div class=\"elementor-widget-wrap elementor-element-populated\">\n\t\t\t\t\t\t\t\t<div class=\"elementor-element elementor-element-18a1735 elementor-widget elementor-widget-image\" data-id=\"18a1735\" data-element_type=\"widget\" data-widget_type=\"image.default\">\n\t\t\t\t<div class=\"elementor-widget-container\">\n\t\t\t\t\t\t\t\t\t\t\t\t<figure class=\"wp-caption\">\n\t\t\t\t\t\t\t\t\t\t\t<a href=\"https:\/\/www.lisboa.pt\/\" target=\"_blank\" rel=\"nofollow\">\n\t\t\t\t\t\t\t<img loading=\"lazy\" decoding=\"async\" width=\"185\" height=\"50\" src=\"https:\/\/direitoshumanos.pt\/wp-content\/uploads\/camara-lisboa-logo.png\" class=\"attachment-full size-full\" alt=\"Town Hall of Lisbon\" \/>\t\t\t\t\t\t\t\t<\/a>\n\t\t\t\t\t\t\t\t\t\t\t<figcaption class=\"widget-image-caption wp-caption-text\">Commission for Citizenship and Gender Equality of the Town Hall of Lisbon<\/figcaption>\n\t\t\t\t\t\t\t\t\t\t<\/figure>\n\t\t\t\t\t\t\t\t\t<\/div>\n\t\t\t\t<\/div>\n\t\t\t\t\t<\/div>\n\t\t<\/div>\n\t\t\t\t\t\t\t<\/div>\n\t\t<\/section>\n\t\t\t\t\t<\/div>\n\t\t<\/div>\n\t\t\t\t\t\t\t<\/div>\n\t\t<\/section>\n\t\t\t\t<section class=\"elementor-section elementor-top-section elementor-element elementor-element-9aec8f4 elementor-section-stretched elementor-section-boxed elementor-section-height-default elementor-section-height-default\" data-id=\"9aec8f4\" data-element_type=\"section\" data-settings=\"{&quot;stretch_section&quot;:&quot;section-stretched&quot;,&quot;background_background&quot;:&quot;classic&quot;}\">\n\t\t\t\t\t\t<div class=\"elementor-container elementor-column-gap-default\">\n\t\t\t\t\t<div class=\"elementor-column elementor-col-100 elementor-top-column elementor-element elementor-element-b8fef93\" data-id=\"b8fef93\" data-element_type=\"column\">\n\t\t\t<div class=\"elementor-widget-wrap elementor-element-populated\">\n\t\t\t\t\t\t\t\t<section class=\"elementor-section elementor-inner-section elementor-element elementor-element-7c926dc elementor-section-boxed elementor-section-height-default elementor-section-height-default\" data-id=\"7c926dc\" data-element_type=\"section\">\n\t\t\t\t\t\t<div class=\"elementor-container elementor-column-gap-default\">\n\t\t\t\t\t<div class=\"elementor-column elementor-col-100 elementor-inner-column elementor-element elementor-element-2c33320\" data-id=\"2c33320\" data-element_type=\"column\">\n\t\t\t<div class=\"elementor-widget-wrap elementor-element-populated\">\n\t\t\t\t\t\t\t\t<div class=\"elementor-element elementor-element-80d04a2 elementor-widget elementor-widget-heading\" data-id=\"80d04a2\" data-element_type=\"widget\" data-widget_type=\"heading.default\">\n\t\t\t\t<div class=\"elementor-widget-container\">\n\t\t\t<h2 class=\"elementor-heading-title elementor-size-default\">Internationals<\/h2>\t\t<\/div>\n\t\t\t\t<\/div>\n\t\t\t\t\t<\/div>\n\t\t<\/div>\n\t\t\t\t\t\t\t<\/div>\n\t\t<\/section>\n\t\t\t\t<section class=\"elementor-section elementor-inner-section elementor-element elementor-element-5925dea elementor-section-content-middle elementor-section-boxed elementor-section-height-default elementor-section-height-default\" data-id=\"5925dea\" data-element_type=\"section\">\n\t\t\t\t\t\t<div class=\"elementor-container elementor-column-gap-wider\">\n\t\t\t\t\t<div class=\"elementor-column elementor-col-33 elementor-inner-column elementor-element elementor-element-079df26\" data-id=\"079df26\" data-element_type=\"column\">\n\t\t\t<div class=\"elementor-widget-wrap elementor-element-populated\">\n\t\t\t\t\t\t\t\t<div class=\"elementor-element elementor-element-5a69df7 elementor-widget elementor-widget-image\" data-id=\"5a69df7\" data-element_type=\"widget\" data-widget_type=\"image.default\">\n\t\t\t\t<div class=\"elementor-widget-container\">\n\t\t\t\t\t\t\t\t\t\t\t\t<figure class=\"wp-caption\">\n\t\t\t\t\t\t\t\t\t\t\t<a href=\"https:\/\/www.fidh.org\/pt\/\" target=\"_blank\" rel=\"nofollow\">\n\t\t\t\t\t\t\t<img loading=\"lazy\" decoding=\"async\" width=\"127\" height=\"50\" src=\"https:\/\/direitoshumanos.pt\/wp-content\/uploads\/fidh-logo.png\" class=\"attachment-full size-full\" alt=\"FIDH\" \/>\t\t\t\t\t\t\t\t<\/a>\n\t\t\t\t\t\t\t\t\t\t\t<figcaption class=\"widget-image-caption wp-caption-text\">International Federation for Human Rights (FIDH)<\/figcaption>\n\t\t\t\t\t\t\t\t\t\t<\/figure>\n\t\t\t\t\t\t\t\t\t<\/div>\n\t\t\t\t<\/div>\n\t\t\t\t\t<\/div>\n\t\t<\/div>\n\t\t\t\t<div class=\"elementor-column elementor-col-33 elementor-inner-column elementor-element elementor-element-61e84aa\" data-id=\"61e84aa\" data-element_type=\"column\">\n\t\t\t<div class=\"elementor-widget-wrap elementor-element-populated\">\n\t\t\t\t\t\t\t\t<div class=\"elementor-element elementor-element-a62ccbe elementor-widget elementor-widget-image\" data-id=\"a62ccbe\" data-element_type=\"widget\" data-widget_type=\"image.default\">\n\t\t\t\t<div class=\"elementor-widget-container\">\n\t\t\t\t\t\t\t\t\t\t\t\t<figure class=\"wp-caption\">\n\t\t\t\t\t\t\t\t\t\t\t<a href=\"https:\/\/euromedrights.org\/\" target=\"_blank\" rel=\"nofollow\">\n\t\t\t\t\t\t\t<img loading=\"lazy\" decoding=\"async\" width=\"50\" height=\"50\" src=\"https:\/\/direitoshumanos.pt\/wp-content\/uploads\/euromed-rights-logo.png\" class=\"attachment-full size-full\" alt=\"EuroMed Droits\" \/>\t\t\t\t\t\t\t\t<\/a>\n\t\t\t\t\t\t\t\t\t\t\t<figcaption class=\"widget-image-caption wp-caption-text\">EuroMed <br>Droits<\/figcaption>\n\t\t\t\t\t\t\t\t\t\t<\/figure>\n\t\t\t\t\t\t\t\t\t<\/div>\n\t\t\t\t<\/div>\n\t\t\t\t\t<\/div>\n\t\t<\/div>\n\t\t\t\t<div class=\"elementor-column elementor-col-33 elementor-inner-column elementor-element elementor-element-7edab34\" data-id=\"7edab34\" data-element_type=\"column\">\n\t\t\t<div class=\"elementor-widget-wrap elementor-element-populated\">\n\t\t\t\t\t\t\t\t<div class=\"elementor-element elementor-element-6ccd319 elementor-widget elementor-widget-image\" data-id=\"6ccd319\" data-element_type=\"widget\" data-widget_type=\"image.default\">\n\t\t\t\t<div class=\"elementor-widget-container\">\n\t\t\t\t\t\t\t\t\t\t\t\t<figure class=\"wp-caption\">\n\t\t\t\t\t\t\t\t\t\t\t<a href=\"https:\/\/www.nhc.nl\/\" target=\"_blank\" rel=\"nofollow\">\n\t\t\t\t\t\t\t<img loading=\"lazy\" decoding=\"async\" width=\"120\" height=\"62\" src=\"https:\/\/direitoshumanos.pt\/wp-content\/uploads\/nhc-logo.png\" class=\"attachment-full size-full\" alt=\"Netherlands HelsinkeeCommittee\" \/>\t\t\t\t\t\t\t\t<\/a>\n\t\t\t\t\t\t\t\t\t\t\t<figcaption class=\"widget-image-caption wp-caption-text\">Informal Coalition for the Defense of the Rule of Law<\/figcaption>\n\t\t\t\t\t\t\t\t\t\t<\/figure>\n\t\t\t\t\t\t\t\t\t<\/div>\n\t\t\t\t<\/div>\n\t\t\t\t\t<\/div>\n\t\t<\/div>\n\t\t\t\t\t\t\t<\/div>\n\t\t<\/section>\n\t\t\t\t\t<\/div>\n\t\t<\/div>\n\t\t\t\t\t\t\t<\/div>\n\t\t<\/section>\n\t\t\t\t\t\t<\/div>\n\t\t\t\t\t<\/div>\n\t\t","protected":false},"excerpt":{"rendered":"<p>Nationals Conselho Consultivo da Comiss\u00e3o para a Igualdade e Cidadania Conselho Consultivo da Comiss\u00e3o Nacional da UNESCO Comiss\u00e3o para a Igualdade da C\u00e2mara Municipal de Lisboa Internationals Federa\u00e7\u00e3o Internacional dos Direitos Humanos (FIDH) EuroMed Droits Coliga\u00e7\u00e3o Informal para a Defesa do Estado de Direito<\/p>\n","protected":false},"author":2,"featured_media":4979,"parent":5389,"menu_order":0,"comment_status":"closed","ping_status":"closed","template":"","meta":{"footnotes":""},"class_list":["post-5450","page","type-page","status-publish","has-post-thumbnail","hentry"],"yoast_head":"<!-- This site is optimized with the Yoast SEO plugin v27.5 - https:\/\/yoast.com\/product\/yoast-seo-wordpress\/ -->\n<title>Filiations (Nationals and Internationals) - Liga Portuguesa dos Direitos Humanos - Civitas<\/title>\n<meta name=\"robots\" content=\"index, follow, max-snippet:-1, max-image-preview:large, max-video-preview:-1\" \/>\n<link rel=\"canonical\" href=\"https:\/\/direitoshumanos.pt\/sobre\/filiacoes-internacionais-e-nacionais\/\" \/>\n<meta property=\"og:locale\" content=\"en_US\" \/>\n<meta property=\"og:type\" content=\"article\" \/>\n<meta property=\"og:title\" content=\"Filiations (Nationals and Internationals) - Liga Portuguesa dos Direitos Humanos - Civitas\" \/>\n<meta property=\"og:description\" content=\"Nationals Conselho Consultivo da Comiss\u00e3o para a Igualdade e Cidadania Conselho Consultivo da Comiss\u00e3o Nacional da UNESCO Comiss\u00e3o para a Igualdade da C\u00e2mara Municipal de Lisboa Internationals Federa\u00e7\u00e3o Internacional dos Direitos Humanos (FIDH) EuroMed Droits Coliga\u00e7\u00e3o Informal para a Defesa do Estado de Direito\" \/>\n<meta property=\"og:url\" content=\"https:\/\/direitoshumanos.pt\/sobre\/filiacoes-internacionais-e-nacionais\/\" \/>\n<meta property=\"og:site_name\" content=\"Liga Portuguesa dos Direitos Humanos - Civitas\" \/>\n<meta property=\"article:publisher\" content=\"https:\/\/www.facebook.com\/LPDHC\" \/>\n<meta property=\"article:modified_time\" content=\"2022-02-18T09:37:35+00:00\" \/>\n<meta property=\"og:image\" content=\"https:\/\/direitoshumanos.pt\/wp-content\/uploads\/filiacoes-internacionais-nacionais-min.png\" \/>\n\t<meta property=\"og:image:width\" content=\"1500\" \/>\n\t<meta property=\"og:image:height\" content=\"400\" \/>\n\t<meta property=\"og:image:type\" content=\"image\/png\" \/>\n<meta name=\"twitter:card\" content=\"summary_large_image\" \/>\n<script type=\"application\/ld+json\" class=\"yoast-schema-graph\">{\"@context\":\"https:\\\/\\\/schema.org\",\"@graph\":[{\"@type\":\"WebPage\",\"@id\":\"https:\\\/\\\/direitoshumanos.pt\\\/sobre\\\/filiacoes-internacionais-e-nacionais\\\/\",\"url\":\"https:\\\/\\\/direitoshumanos.pt\\\/sobre\\\/filiacoes-internacionais-e-nacionais\\\/\",\"name\":\"Filiations (Nationals and Internationals) - Liga Portuguesa dos Direitos Humanos - Civitas\",\"isPartOf\":{\"@id\":\"https:\\\/\\\/direitoshumanos.pt\\\/#website\"},\"primaryImageOfPage\":{\"@id\":\"https:\\\/\\\/direitoshumanos.pt\\\/sobre\\\/filiacoes-internacionais-e-nacionais\\\/#primaryimage\"},\"image\":{\"@id\":\"https:\\\/\\\/direitoshumanos.pt\\\/sobre\\\/filiacoes-internacionais-e-nacionais\\\/#primaryimage\"},\"thumbnailUrl\":\"https:\\\/\\\/direitoshumanos.pt\\\/wp-content\\\/uploads\\\/filiacoes-internacionais-nacionais-min.png\",\"datePublished\":\"2022-02-18T09:37:19+00:00\",\"dateModified\":\"2022-02-18T09:37:35+00:00\",\"breadcrumb\":{\"@id\":\"https:\\\/\\\/direitoshumanos.pt\\\/sobre\\\/filiacoes-internacionais-e-nacionais\\\/#breadcrumb\"},\"inLanguage\":\"en-US\",\"potentialAction\":[{\"@type\":\"ReadAction\",\"target\":[\"https:\\\/\\\/direitoshumanos.pt\\\/sobre\\\/filiacoes-internacionais-e-nacionais\\\/\"]}]},{\"@type\":\"ImageObject\",\"inLanguage\":\"en-US\",\"@id\":\"https:\\\/\\\/direitoshumanos.pt\\\/sobre\\\/filiacoes-internacionais-e-nacionais\\\/#primaryimage\",\"url\":\"https:\\\/\\\/direitoshumanos.pt\\\/wp-content\\\/uploads\\\/filiacoes-internacionais-nacionais-min.png\",\"contentUrl\":\"https:\\\/\\\/direitoshumanos.pt\\\/wp-content\\\/uploads\\\/filiacoes-internacionais-nacionais-min.png\",\"width\":1500,\"height\":400,\"caption\":\"International and National Affiliations\"},{\"@type\":\"BreadcrumbList\",\"@id\":\"https:\\\/\\\/direitoshumanos.pt\\\/sobre\\\/filiacoes-internacionais-e-nacionais\\\/#breadcrumb\",\"itemListElement\":[{\"@type\":\"ListItem\",\"position\":1,\"name\":\"In\u00edcio\",\"item\":\"https:\\\/\\\/direitoshumanos.pt\\\/\"},{\"@type\":\"ListItem\",\"position\":2,\"name\":\"About\",\"item\":\"https:\\\/\\\/direitoshumanos.pt\\\/sobre\\\/\"},{\"@type\":\"ListItem\",\"position\":3,\"name\":\"Filiations (Nationals and Internationals)\"}]},{\"@type\":\"WebSite\",\"@id\":\"https:\\\/\\\/direitoshumanos.pt\\\/#website\",\"url\":\"https:\\\/\\\/direitoshumanos.pt\\\/\",\"name\":\"Liga Portuguesa dos Direitos Humanos - Civitas\",\"description\":\"\",\"publisher\":{\"@id\":\"https:\\\/\\\/direitoshumanos.pt\\\/#organization\"},\"potentialAction\":[{\"@type\":\"SearchAction\",\"target\":{\"@type\":\"EntryPoint\",\"urlTemplate\":\"https:\\\/\\\/direitoshumanos.pt\\\/?s={search_term_string}\"},\"query-input\":{\"@type\":\"PropertyValueSpecification\",\"valueRequired\":true,\"valueName\":\"search_term_string\"}}],\"inLanguage\":\"en-US\"},{\"@type\":\"Organization\",\"@id\":\"https:\\\/\\\/direitoshumanos.pt\\\/#organization\",\"name\":\"Liga Portuguesa dos Direitos Humanos - Civitas\",\"url\":\"https:\\\/\\\/direitoshumanos.pt\\\/\",\"logo\":{\"@type\":\"ImageObject\",\"inLanguage\":\"en-US\",\"@id\":\"https:\\\/\\\/direitoshumanos.pt\\\/#\\\/schema\\\/logo\\\/image\\\/\",\"url\":\"https:\\\/\\\/direitoshumanos.pt\\\/wp-content\\\/uploads\\\/lpdhc-main-logo-hd.png\",\"contentUrl\":\"https:\\\/\\\/direitoshumanos.pt\\\/wp-content\\\/uploads\\\/lpdhc-main-logo-hd.png\",\"width\":400,\"height\":129,\"caption\":\"Liga Portuguesa dos Direitos Humanos - Civitas\"},\"image\":{\"@id\":\"https:\\\/\\\/direitoshumanos.pt\\\/#\\\/schema\\\/logo\\\/image\\\/\"},\"sameAs\":[\"https:\\\/\\\/www.facebook.com\\\/LPDHC\",\"https:\\\/\\\/www.youtube.com\\\/channel\\\/UCskfZn1XOSmXr4eQdFStYPg\",\"https:\\\/\\\/pt.wikipedia.org\\\/wiki\\\/Liga_Portuguesa_dos_Direitos_do_Homem\"]}]}<\/script>\n<!-- \/ Yoast SEO plugin. -->","yoast_head_json":{"title":"Filiations (Nationals and Internationals) - Liga Portuguesa dos Direitos Humanos - Civitas","robots":{"index":"index","follow":"follow","max-snippet":"max-snippet:-1","max-image-preview":"max-image-preview:large","max-video-preview":"max-video-preview:-1"},"canonical":"https:\/\/direitoshumanos.pt\/sobre\/filiacoes-internacionais-e-nacionais\/","og_locale":"en_US","og_type":"article","og_title":"Filiations (Nationals and Internationals) - Liga Portuguesa dos Direitos Humanos - Civitas","og_description":"Nationals Conselho Consultivo da Comiss\u00e3o para a Igualdade e Cidadania Conselho Consultivo da Comiss\u00e3o Nacional da UNESCO Comiss\u00e3o para a Igualdade da C\u00e2mara Municipal de Lisboa Internationals Federa\u00e7\u00e3o Internacional dos Direitos Humanos (FIDH) EuroMed Droits Coliga\u00e7\u00e3o Informal para a Defesa do Estado de Direito","og_url":"https:\/\/direitoshumanos.pt\/sobre\/filiacoes-internacionais-e-nacionais\/","og_site_name":"Liga Portuguesa dos Direitos Humanos - Civitas","article_publisher":"https:\/\/www.facebook.com\/LPDHC","article_modified_time":"2022-02-18T09:37:35+00:00","og_image":[{"width":1500,"height":400,"url":"https:\/\/direitoshumanos.pt\/wp-content\/uploads\/filiacoes-internacionais-nacionais-min.png","type":"image\/png"}],"twitter_card":"summary_large_image","schema":{"@context":"https:\/\/schema.org","@graph":[{"@type":"WebPage","@id":"https:\/\/direitoshumanos.pt\/sobre\/filiacoes-internacionais-e-nacionais\/","url":"https:\/\/direitoshumanos.pt\/sobre\/filiacoes-internacionais-e-nacionais\/","name":"Filiations (Nationals and Internationals) - Liga Portuguesa dos Direitos Humanos - Civitas","isPartOf":{"@id":"https:\/\/direitoshumanos.pt\/#website"},"primaryImageOfPage":{"@id":"https:\/\/direitoshumanos.pt\/sobre\/filiacoes-internacionais-e-nacionais\/#primaryimage"},"image":{"@id":"https:\/\/direitoshumanos.pt\/sobre\/filiacoes-internacionais-e-nacionais\/#primaryimage"},"thumbnailUrl":"https:\/\/direitoshumanos.pt\/wp-content\/uploads\/filiacoes-internacionais-nacionais-min.png","datePublished":"2022-02-18T09:37:19+00:00","dateModified":"2022-02-18T09:37:35+00:00","breadcrumb":{"@id":"https:\/\/direitoshumanos.pt\/sobre\/filiacoes-internacionais-e-nacionais\/#breadcrumb"},"inLanguage":"en-US","potentialAction":[{"@type":"ReadAction","target":["https:\/\/direitoshumanos.pt\/sobre\/filiacoes-internacionais-e-nacionais\/"]}]},{"@type":"ImageObject","inLanguage":"en-US","@id":"https:\/\/direitoshumanos.pt\/sobre\/filiacoes-internacionais-e-nacionais\/#primaryimage","url":"https:\/\/direitoshumanos.pt\/wp-content\/uploads\/filiacoes-internacionais-nacionais-min.png","contentUrl":"https:\/\/direitoshumanos.pt\/wp-content\/uploads\/filiacoes-internacionais-nacionais-min.png","width":1500,"height":400,"caption":"International and National Affiliations"},{"@type":"BreadcrumbList","@id":"https:\/\/direitoshumanos.pt\/sobre\/filiacoes-internacionais-e-nacionais\/#breadcrumb","itemListElement":[{"@type":"ListItem","position":1,"name":"In\u00edcio","item":"https:\/\/direitoshumanos.pt\/"},{"@type":"ListItem","position":2,"name":"About","item":"https:\/\/direitoshumanos.pt\/sobre\/"},{"@type":"ListItem","position":3,"name":"Filiations (Nationals and Internationals)"}]},{"@type":"WebSite","@id":"https:\/\/direitoshumanos.pt\/#website","url":"https:\/\/direitoshumanos.pt\/","name":"Liga Portuguesa dos Direitos Humanos - Civitas","description":"","publisher":{"@id":"https:\/\/direitoshumanos.pt\/#organization"},"potentialAction":[{"@type":"SearchAction","target":{"@type":"EntryPoint","urlTemplate":"https:\/\/direitoshumanos.pt\/?s={search_term_string}"},"query-input":{"@type":"PropertyValueSpecification","valueRequired":true,"valueName":"search_term_string"}}],"inLanguage":"en-US"},{"@type":"Organization","@id":"https:\/\/direitoshumanos.pt\/#organization","name":"Liga Portuguesa dos Direitos Humanos - Civitas","url":"https:\/\/direitoshumanos.pt\/","logo":{"@type":"ImageObject","inLanguage":"en-US","@id":"https:\/\/direitoshumanos.pt\/#\/schema\/logo\/image\/","url":"https:\/\/direitoshumanos.pt\/wp-content\/uploads\/lpdhc-main-logo-hd.png","contentUrl":"https:\/\/direitoshumanos.pt\/wp-content\/uploads\/lpdhc-main-logo-hd.png","width":400,"height":129,"caption":"Liga Portuguesa dos Direitos Humanos - Civitas"},"image":{"@id":"https:\/\/direitoshumanos.pt\/#\/schema\/logo\/image\/"},"sameAs":["https:\/\/www.facebook.com\/LPDHC","https:\/\/www.youtube.com\/channel\/UCskfZn1XOSmXr4eQdFStYPg","https:\/\/pt.wikipedia.org\/wiki\/Liga_Portuguesa_dos_Direitos_do_Homem"]}]}},"_links":{"self":[{"href":"https:\/\/direitoshumanos.pt\/en\/wp-json\/wp\/v2\/pages\/5450","targetHints":{"allow":["GET"]}}],"collection":[{"href":"https:\/\/direitoshumanos.pt\/en\/wp-json\/wp\/v2\/pages"}],"about":[{"href":"https:\/\/direitoshumanos.pt\/en\/wp-json\/wp\/v2\/types\/page"}],"author":[{"embeddable":true,"href":"https:\/\/direitoshumanos.pt\/en\/wp-json\/wp\/v2\/users\/2"}],"replies":[{"embeddable":true,"href":"https:\/\/direitoshumanos.pt\/en\/wp-json\/wp\/v2\/comments?post=5450"}],"version-history":[{"count":4,"href":"https:\/\/direitoshumanos.pt\/en\/wp-json\/wp\/v2\/pages\/5450\/revisions"}],"predecessor-version":[{"id":5454,"href":"https:\/\/direitoshumanos.pt\/en\/wp-json\/wp\/v2\/pages\/5450\/revisions\/5454"}],"up":[{"embeddable":true,"href":"https:\/\/direitoshumanos.pt\/en\/wp-json\/wp\/v2\/pages\/5389"}],"wp:featuredmedia":[{"embeddable":true,"href":"https:\/\/direitoshumanos.pt\/en\/wp-json\/wp\/v2\/media\/4979"}],"wp:attachment":[{"href":"https:\/\/direitoshumanos.pt\/en\/wp-json\/wp\/v2\/media?parent=5450"}],"curies":[{"name":"wp","href":"https:\/\/api.w.org\/{rel}","templated":true}]}}